{"id":321,"date":"2021-04-19T23:11:16","date_gmt":"2021-04-20T02:11:16","guid":{"rendered":"https:\/\/asaofranciscodeassis.org.br\/portal\/?page_id=321"},"modified":"2026-01-27T11:08:10","modified_gmt":"2026-01-27T14:08:10","slug":"equipe","status":"publish","type":"page","link":"https:\/\/asaofranciscodeassis.org.br\/portal\/equipe\/","title":{"rendered":"Equipe"},"content":{"rendered":"\t\t<div data-elementor-type=\"wp-page\" data-elementor-id=\"321\" class=\"elementor elementor-321\">\n\t\t\t\t\t\t<section class=\"elementor-section elementor-top-section elementor-element elementor-element-3edf61d1 elementor-section-full_width elementor-section-height-default elementor-section-height-default\" data-id=\"3edf61d1\" data-element_type=\"section\" data-e-type=\"section\" data-settings=\"{&quot;background_background&quot;:&quot;gradient&quot;}\">\n\t\t\t\t\t\t<div class=\"elementor-container elementor-column-gap-default\">\n\t\t\t\t\t<div class=\"elementor-column elementor-col-25 elementor-top-column elementor-element elementor-element-227b2989\" data-id=\"227b2989\" data-element_type=\"column\" data-e-type=\"column\">\n\t\t\t<div class=\"elementor-widget-wrap elementor-element-populated\">\n\t\t\t\t\t\t<div class=\"elementor-element elementor-element-42277b74 elementor-widget elementor-widget-image\" data-id=\"42277b74\" data-element_type=\"widget\" data-e-type=\"widget\" data-widget_type=\"image.default\">\n\t\t\t\t<div class=\"elementor-widget-container\">\n\t\t\t\t\t\t\t\t\t\t\t\t\t\t\t<img decoding=\"async\" width=\"150\" height=\"150\" src=\"https:\/\/asaofranciscodeassis.org.br\/portal\/wp-content\/uploads\/2021\/04\/logoappd-150x150.jpeg\" class=\"attachment-thumbnail size-thumbnail wp-image-60\" alt=\"\" \/>\t\t\t\t\t\t\t\t\t\t\t\t\t\t\t<\/div>\n\t\t\t\t<\/div>\n\t\t\t\t\t<\/div>\n\t\t<\/div>\n\t\t\t\t<div class=\"elementor-column elementor-col-25 elementor-top-column elementor-element elementor-element-54e13a5d\" data-id=\"54e13a5d\" data-element_type=\"column\" data-e-type=\"column\" data-settings=\"{&quot;background_background&quot;:&quot;classic&quot;}\">\n\t\t\t<div class=\"elementor-widget-wrap elementor-element-populated\">\n\t\t\t\t\t<div class=\"elementor-background-overlay\"><\/div>\n\t\t\t\t\t\t<div class=\"elementor-element elementor-element-600e4acd elementor-widget-mobile__width-inherit elementor-widget elementor-widget-ekit-nav-menu\" data-id=\"600e4acd\" data-element_type=\"widget\" data-e-type=\"widget\" data-widget_type=\"ekit-nav-menu.default\">\n\t\t\t\t<div class=\"elementor-widget-container\">\n\t\t\t\t\t\t\t<nav class=\"ekit-wid-con ekit_menu_responsive_tablet\" \n\t\t\tdata-hamburger-icon=\"\" \n\t\t\tdata-hamburger-icon-type=\"icon\" \n\t\t\tdata-responsive-breakpoint=\"1024\">\n\t\t\t            <button class=\"elementskit-menu-hamburger elementskit-menu-toggler\"  type=\"button\" aria-label=\"hamburger-icon\">\n                                    <span class=\"elementskit-menu-hamburger-icon\"><\/span><span class=\"elementskit-menu-hamburger-icon\"><\/span><span class=\"elementskit-menu-hamburger-icon\"><\/span>\n                            <\/button>\n            <div id=\"ekit-megamenu-menu-1\" class=\"elementskit-menu-container elementskit-menu-offcanvas-elements elementskit-navbar-nav-default ekit-nav-menu-one-page-no ekit-nav-dropdown-hover\"><ul id=\"menu-menu-1\" class=\"elementskit-navbar-nav elementskit-menu-po-center submenu-click-on-icon\"><li id=\"menu-item-52\" class=\"menu-item menu-item-type-custom menu-item-object-custom menu-item-52 nav-item elementskit-mobile-builder-content\" data-vertical-menu=750px><a href=\"https:\/\/asaofranciscodeassis.org.br\/portal\/home\" class=\"ekit-menu-nav-link\">Home<\/a><\/li>\n<li id=\"menu-item-358\" class=\"menu-item menu-item-type-custom menu-item-object-custom menu-item-358 nav-item elementskit-mobile-builder-content\" data-vertical-menu=750px><a href=\"http:\/\/asaofranciscodeassis.org.br\/portal\/quem-somos\" class=\"ekit-menu-nav-link\">Quem Somos<\/a><\/li>\n<li id=\"menu-item-166\" class=\"menu-item menu-item-type-custom menu-item-object-custom menu-item-166 nav-item elementskit-mobile-builder-content\" data-vertical-menu=750px><a href=\"https:\/\/asaofranciscodeassis.org.br\/portal\/equipe\" class=\"ekit-menu-nav-link\">Equipe<\/a><\/li>\n<li id=\"menu-item-167\" class=\"menu-item menu-item-type-custom menu-item-object-custom menu-item-167 nav-item elementskit-mobile-builder-content\" data-vertical-menu=750px><a href=\"https:\/\/asaofranciscodeassis.org.br\/portal\/transparencia\" class=\"ekit-menu-nav-link\">Transpar\u00eancia<\/a><\/li>\n<li id=\"menu-item-317\" class=\"menu-item menu-item-type-custom menu-item-object-custom menu-item-317 nav-item elementskit-mobile-builder-content\" data-vertical-menu=750px><a href=\"http:\/\/asaofranciscodeassis.org\/portal\/fotos\" class=\"ekit-menu-nav-link\">Fotos<\/a><\/li>\n<li id=\"menu-item-420\" class=\"menu-item menu-item-type-custom menu-item-object-custom menu-item-420 nav-item elementskit-mobile-builder-content\" data-vertical-menu=750px><a href=\"https:\/\/asaofranciscodeassis.org.br\/portal\/doacao\/\" class=\"ekit-menu-nav-link\">Doa\u00e7\u00e3o<\/a><\/li>\n<li id=\"menu-item-318\" class=\"menu-item menu-item-type-custom menu-item-object-custom menu-item-318 nav-item elementskit-mobile-builder-content\" data-vertical-menu=750px><a href=\"http:\/\/asaofranciscodeassis.org\/portal\/contato\" class=\"ekit-menu-nav-link\">Contato<\/a><\/li>\n<\/ul><div class=\"elementskit-nav-identity-panel\"><a class=\"elementskit-nav-logo\" href=\"https:\/\/asaofranciscodeassis.org.br\/portal\" target=\"\" rel=\"\"><img src=\"https:\/\/asaofranciscodeassis.org.br\/portal\/wp-content\/uploads\/2021\/04\/logoappd.jpeg\" title=\"logoappd\" alt=\"logoappd\" decoding=\"async\" \/><\/a><button class=\"elementskit-menu-close elementskit-menu-toggler\" type=\"button\">X<\/button><\/div><\/div>\t\t\t\n\t\t\t<div class=\"elementskit-menu-overlay elementskit-menu-offcanvas-elements elementskit-menu-toggler ekit-nav-menu--overlay\"><\/div>        <\/nav>\n\t\t\t\t\t\t<\/div>\n\t\t\t\t<\/div>\n\t\t\t\t\t<\/div>\n\t\t<\/div>\n\t\t\t\t<div class=\"elementor-column elementor-col-25 elementor-top-column elementor-element elementor-element-43964365\" data-id=\"43964365\" data-element_type=\"column\" data-e-type=\"column\">\n\t\t\t<div class=\"elementor-widget-wrap\">\n\t\t\t\t\t\t\t<\/div>\n\t\t<\/div>\n\t\t\t\t<div class=\"elementor-column elementor-col-25 elementor-top-column elementor-element elementor-element-34786dd4\" data-id=\"34786dd4\" data-element_type=\"column\" data-e-type=\"column\">\n\t\t\t<div class=\"elementor-widget-wrap\">\n\t\t\t\t\t\t\t<\/div>\n\t\t<\/div>\n\t\t\t\t\t<\/div>\n\t\t<\/section>\n\t\t\t\t<section class=\"elementor-section elementor-top-section elementor-element elementor-element-1f4b5d4f elementor-section-full_width elementor-section-height-default elementor-section-height-default\" data-id=\"1f4b5d4f\" data-element_type=\"section\" data-e-type=\"section\" data-settings=\"{&quot;background_background&quot;:&quot;classic&quot;}\">\n\t\t\t\t\t\t<div class=\"elementor-container elementor-column-gap-no\">\n\t\t\t\t\t<div class=\"elementor-column elementor-col-100 elementor-top-column elementor-element elementor-element-39e6fd7a\" data-id=\"39e6fd7a\" data-element_type=\"column\" data-e-type=\"column\">\n\t\t\t<div class=\"elementor-widget-wrap elementor-element-populated\">\n\t\t\t\t\t\t<section class=\"elementor-section elementor-inner-section elementor-element elementor-element-1d3e8e9e elementor-section-boxed elementor-section-height-default elementor-section-height-default\" data-id=\"1d3e8e9e\" data-element_type=\"section\" data-e-type=\"section\">\n\t\t\t\t\t\t<div class=\"elementor-container elementor-column-gap-default\">\n\t\t\t\t\t<div class=\"elementor-column elementor-col-50 elementor-inner-column elementor-element elementor-element-731993bc\" data-id=\"731993bc\" data-element_type=\"column\" data-e-type=\"column\">\n\t\t\t<div class=\"elementor-widget-wrap elementor-element-populated\">\n\t\t\t\t\t\t<div class=\"elementor-element elementor-element-1af8f6d2 elementor-widget elementor-widget-elementskit-heading\" data-id=\"1af8f6d2\" data-element_type=\"widget\" data-e-type=\"widget\" data-widget_type=\"elementskit-heading.default\">\n\t\t\t\t<div class=\"elementor-widget-container\">\n\t\t\t\t\t<div class=\"ekit-wid-con\" ><div class=\"ekit-heading elementskit-section-title-wraper text_left   ekit_heading_tablet-   ekit_heading_mobile-\"><h6 class=\"ekit-heading--title elementskit-section-title \">Equipe<\/h6><span class=\"ekit-heading--subtitle elementskit-section-subtitle  elementskit-style-border\">\n\t\t\t\t\t\tAssistente Social\n\t\t\t\t\t<\/span>\t\t\t\t<div class='ekit-heading__description'>\n\t\t\t\t\t<p>Silvana M. Gon\u00e7alves Pirolla<\/p>\n<p>\u00a0<\/p>\n<p>A atua\u00e7\u00e3o do Assistente Social dentro da APPD \u2013 Associa\u00e7\u00e3o de Pessoas Portadoras de Defici\u00eancia \u201cS\u00e3o Francisco de Assis\u201d visa proporcionar atrav\u00e9s do conhecimento da realidade humana, as condi\u00e7\u00f5es b\u00e1sicas para o desenvolvimento s\u00f3cio-econ\u00f4mico e cultural das pessoas com defici\u00eancia e do trabalho com a fam\u00edlia, pois \u00e9 por meio da mesma que o assistente social poder\u00e1 propor e aplicar mecanismos que visem \u00e0 orienta\u00e7\u00e3o familiar e sua integra\u00e7\u00e3o com a comunidade. Atrav\u00e9s do trabalho em rede, busca parcerias com as diversas \u00e1reas da assist\u00eancia social no munic\u00edpio, visando atender adequadamente as demandas da institui\u00e7\u00e3o. O assistente social tem como atribui\u00e7\u00e3o tamb\u00e9m, a capta\u00e7\u00e3o de recursos, proporciona atendimento \u00e0 pessoa com defici\u00eancia quanto ao BPC - Benef\u00edcio de Presta\u00e7\u00e3o Continuada, realiza estudo de caso com a equipe t\u00e9cnica, orienta os benefici\u00e1rios quanto aos direitos e deveres da pessoa com defici\u00eancia, promove a\u00e7\u00f5es para inclus\u00e3o social da pessoa com defici\u00eancia e inser\u00e7\u00e3o de suas fam\u00edlias no espa\u00e7o institucional, com objetivo de trabalhar suas dificuldades tais como: nega\u00e7\u00e3o, resist\u00eancia, etc., oportunizando o pleno desenvolvimento da pessoa com defici\u00eancia.<\/p>\n\t\t\t\t<\/div>\n\t\t\t<\/div><\/div>\t\t\t\t<\/div>\n\t\t\t\t<\/div>\n\t\t\t\t\t<\/div>\n\t\t<\/div>\n\t\t\t\t<div class=\"elementor-column elementor-col-50 elementor-inner-column elementor-element elementor-element-458bc14b\" data-id=\"458bc14b\" data-element_type=\"column\" data-e-type=\"column\">\n\t\t\t<div class=\"elementor-widget-wrap elementor-element-populated\">\n\t\t\t\t\t\t\t<\/div>\n\t\t<\/div>\n\t\t\t\t\t<\/div>\n\t\t<\/section>\n\t\t\t\t<section class=\"elementor-section elementor-inner-section elementor-element elementor-element-a0433ba elementor-section-boxed elementor-section-height-default elementor-section-height-default\" data-id=\"a0433ba\" data-element_type=\"section\" data-e-type=\"section\">\n\t\t\t\t\t\t<div class=\"elementor-container elementor-column-gap-default\">\n\t\t\t\t\t<div class=\"elementor-column elementor-col-50 elementor-inner-column elementor-element elementor-element-7988f68\" data-id=\"7988f68\" data-element_type=\"column\" data-e-type=\"column\">\n\t\t\t<div class=\"elementor-widget-wrap elementor-element-populated\">\n\t\t\t\t\t\t<div class=\"elementor-element elementor-element-d051d81 elementor-widget elementor-widget-elementskit-heading\" data-id=\"d051d81\" data-element_type=\"widget\" data-e-type=\"widget\" data-widget_type=\"elementskit-heading.default\">\n\t\t\t\t<div class=\"elementor-widget-container\">\n\t\t\t\t\t<div class=\"ekit-wid-con\" ><div class=\"ekit-heading elementskit-section-title-wraper text_left   ekit_heading_tablet-   ekit_heading_mobile-\"><span class=\"ekit-heading--subtitle elementskit-section-subtitle  elementskit-style-border\">\n\t\t\t\t\t\tPsic\u00f3logas\n\t\t\t\t\t<\/span>\t\t\t\t<div class='ekit-heading__description'>\n\t\t\t\t\t<p>Elaine Gitte Sargiani \/ Julia dos Santos Damaglio \/ Julielen Raissa Costa Garcia<\/p>\n<p>A Psicologia \u00e9 a ci\u00eancia que estuda o comportamento humano nas suas diversas manifesta\u00e7\u00f5es consciente e inconsciente, no qual o psic\u00f3logo, a partir de uma determinada abordagem te\u00f3rica, estabelece uma rela\u00e7\u00e3o profissional com o paciente visando conscientizar os elementos perturbadores da conduta e proporcionar um crescimento e desenvolvimento da personalidade. Na APPD \u201cS\u00e3o Francisco de Assis\u201d o atendimento psicol\u00f3gico estende-se as crian\u00e7as com necessidades especiais, aos adultos que apresentam AVC (Acidente Vascular Cerebral), Esclerose M\u00faltipla, Mal de Parkinson, entre outros e as crian\u00e7as at\u00e9 12 anos com queixa comportamental e ou dificuldade de aprendizagem.<\/p>\n\t\t\t\t<\/div>\n\t\t\t<\/div><\/div>\t\t\t\t<\/div>\n\t\t\t\t<\/div>\n\t\t\t\t\t<\/div>\n\t\t<\/div>\n\t\t\t\t<div class=\"elementor-column elementor-col-50 elementor-inner-column elementor-element elementor-element-c20358d\" data-id=\"c20358d\" data-element_type=\"column\" data-e-type=\"column\">\n\t\t\t<div class=\"elementor-widget-wrap elementor-element-populated\">\n\t\t\t\t\t\t\t<\/div>\n\t\t<\/div>\n\t\t\t\t\t<\/div>\n\t\t<\/section>\n\t\t\t\t<section class=\"elementor-section elementor-inner-section elementor-element elementor-element-04a6acc elementor-section-boxed elementor-section-height-default elementor-section-height-default\" data-id=\"04a6acc\" data-element_type=\"section\" data-e-type=\"section\">\n\t\t\t\t\t\t<div class=\"elementor-container elementor-column-gap-default\">\n\t\t\t\t\t<div class=\"elementor-column elementor-col-50 elementor-inner-column elementor-element elementor-element-c2a0521\" data-id=\"c2a0521\" data-element_type=\"column\" data-e-type=\"column\">\n\t\t\t<div class=\"elementor-widget-wrap elementor-element-populated\">\n\t\t\t\t\t\t<div class=\"elementor-element elementor-element-589b593 elementor-widget elementor-widget-elementskit-heading\" data-id=\"589b593\" data-element_type=\"widget\" data-e-type=\"widget\" data-widget_type=\"elementskit-heading.default\">\n\t\t\t\t<div class=\"elementor-widget-container\">\n\t\t\t\t\t<div class=\"ekit-wid-con\" ><div class=\"ekit-heading elementskit-section-title-wraper text_left   ekit_heading_tablet-   ekit_heading_mobile-\"><span class=\"ekit-heading--subtitle elementskit-section-subtitle  elementskit-style-border\">\n\t\t\t\t\t\tFisioterapeutas\n\t\t\t\t\t<\/span>\t\t\t\t<div class='ekit-heading__description'>\n\t\t\t\t\t<p>Bruna Tavares Cust\u00f3dio Carvalho \/ Ana Luiza Genova dos Santos<\/p>\n<p>A Fisioterapia, em sentido amplo, \u00e9 a ci\u00eancia que estuda o movimento humano. Com dire\u00e7\u00e3o restrita \u00e0 \u00e1rea da sa\u00fade, est\u00e1 voltada para o entendimento da funcionalidade humana. Ela estuda, diagnostica, previne e trata os dist\u00farbios, entre outros, decorrentes de altera\u00e7\u00f5es de \u00f3rg\u00e3os e sistemas humanos.<\/p>\n\t\t\t\t<\/div>\n\t\t\t<\/div><\/div>\t\t\t\t<\/div>\n\t\t\t\t<\/div>\n\t\t\t\t\t<\/div>\n\t\t<\/div>\n\t\t\t\t<div class=\"elementor-column elementor-col-50 elementor-inner-column elementor-element elementor-element-d21a2a9\" data-id=\"d21a2a9\" data-element_type=\"column\" data-e-type=\"column\">\n\t\t\t<div class=\"elementor-widget-wrap elementor-element-populated\">\n\t\t\t\t\t\t\t<\/div>\n\t\t<\/div>\n\t\t\t\t\t<\/div>\n\t\t<\/section>\n\t\t\t\t<section class=\"elementor-section elementor-inner-section elementor-element elementor-element-7444a30 elementor-section-boxed elementor-section-height-default elementor-section-height-default\" data-id=\"7444a30\" data-element_type=\"section\" data-e-type=\"section\">\n\t\t\t\t\t\t<div class=\"elementor-container elementor-column-gap-default\">\n\t\t\t\t\t<div class=\"elementor-column elementor-col-50 elementor-inner-column elementor-element elementor-element-b6ff76c\" data-id=\"b6ff76c\" data-element_type=\"column\" data-e-type=\"column\">\n\t\t\t<div class=\"elementor-widget-wrap elementor-element-populated\">\n\t\t\t\t\t\t<div class=\"elementor-element elementor-element-f6aabc6 elementor-widget elementor-widget-elementskit-heading\" data-id=\"f6aabc6\" data-element_type=\"widget\" data-e-type=\"widget\" data-widget_type=\"elementskit-heading.default\">\n\t\t\t\t<div class=\"elementor-widget-container\">\n\t\t\t\t\t<div class=\"ekit-wid-con\" ><div class=\"ekit-heading elementskit-section-title-wraper text_left   ekit_heading_tablet-   ekit_heading_mobile-\"><span class=\"ekit-heading--subtitle elementskit-section-subtitle  elementskit-style-border\">\n\t\t\t\t\t\tFonoaudi\u00f3logo\n\t\t\t\t\t<\/span>\t\t\t\t<div class='ekit-heading__description'>\n\t\t\t\t\t<p>\u00a0<\/p>\n<p>A Fonoaudiologia \u00e9 a ci\u00eancia respons\u00e1vel pela pesquisa, preven\u00e7\u00e3o e diagnostico da habilita\u00e7\u00e3o e reabilita\u00e7\u00e3o da voz, da audi\u00e7\u00e3o, da motricidade oral, da fala, da linguagem e da leitura e escrita. Na APPD \u201cS\u00e3o Francisco de Assis\u201d a equipe de Fonoaudi\u00f3logas tem como objetivo a avalia\u00e7\u00e3o, preven\u00e7\u00e3o e reabilita\u00e7\u00e3o: \u00a0<\/p>\n<ul>\n<li>Dos m\u00fasculos da face e de suas fun\u00e7\u00f5es: suc\u00e7\u00e3o, degluti\u00e7\u00e3o, respira\u00e7\u00e3o, mastiga\u00e7\u00e3o e fala;<\/li>\n<li>Da audi\u00e7\u00e3o (cl\u00ednica ou ocupacional), adapta\u00e7\u00e3o de pr\u00f3teses auditivas, preven\u00e7\u00e3o e estimula\u00e7\u00e3o;<\/li>\n<li>Da linguagem, em problemas relacionados \u00e0 aprendizagem da l\u00edngua, crian\u00e7as com atraso ou defici\u00eancia de linguagem e pacientes que perderam a perderam por algum motivo;<\/li>\n<li>Vocal de pessoas que apresentam altera\u00e7\u00f5es na qualidade vocal e seq\u00fcelas causadas por tumores;<\/li>\n<li>De pacientes com dificuldades de leitura e escrita, proporcionando melhores condi\u00e7\u00f5es de decodifica\u00e7\u00e3o e compreens\u00e3o, al\u00e9m de uma elaborada escrita, mais organizada e com menos erro, de forma que o paciente tome gosto pela leitura e escrita ou minimize a grande avers\u00e3o que, geralmente, existe por essas atividades.<\/li>\n<\/ul>\n\t\t\t\t<\/div>\n\t\t\t<\/div><\/div>\t\t\t\t<\/div>\n\t\t\t\t<\/div>\n\t\t\t\t\t<\/div>\n\t\t<\/div>\n\t\t\t\t<div class=\"elementor-column elementor-col-50 elementor-inner-column elementor-element elementor-element-2d99acd\" data-id=\"2d99acd\" data-element_type=\"column\" data-e-type=\"column\">\n\t\t\t<div class=\"elementor-widget-wrap elementor-element-populated\">\n\t\t\t\t\t\t\t<\/div>\n\t\t<\/div>\n\t\t\t\t\t<\/div>\n\t\t<\/section>\n\t\t\t\t<section class=\"elementor-section elementor-inner-section elementor-element elementor-element-e2b070c elementor-section-boxed elementor-section-height-default elementor-section-height-default\" data-id=\"e2b070c\" data-element_type=\"section\" data-e-type=\"section\">\n\t\t\t\t\t\t<div class=\"elementor-container elementor-column-gap-default\">\n\t\t\t\t\t<div class=\"elementor-column elementor-col-50 elementor-inner-column elementor-element elementor-element-ace22f6\" data-id=\"ace22f6\" data-element_type=\"column\" data-e-type=\"column\">\n\t\t\t<div class=\"elementor-widget-wrap elementor-element-populated\">\n\t\t\t\t\t\t<div class=\"elementor-element elementor-element-c2b55f1 elementor-widget elementor-widget-elementskit-heading\" data-id=\"c2b55f1\" data-element_type=\"widget\" data-e-type=\"widget\" data-widget_type=\"elementskit-heading.default\">\n\t\t\t\t<div class=\"elementor-widget-container\">\n\t\t\t\t\t<div class=\"ekit-wid-con\" ><div class=\"ekit-heading elementskit-section-title-wraper text_left   ekit_heading_tablet-   ekit_heading_mobile-\"><span class=\"ekit-heading--subtitle elementskit-section-subtitle  elementskit-style-border\">\n\t\t\t\t\t\tTerapeuta Ocupacional\n\t\t\t\t\t<\/span>\t\t\t\t<div class='ekit-heading__description'>\n\t\t\t\t\t<p>\u00a0<\/p>\n<p>A Terapia Ocupacional \u00e9 um campo de conhecimento e de interven\u00e7\u00e3o em sa\u00fade, na educa\u00e7\u00e3o e na esfera social que re\u00fane tecnologias orientadas para a emancipa\u00e7\u00e3o e autonomia de pessoas que por raz\u00f5es ligadas a problem\u00e1ticas especificas (f\u00edsicas, sensoriais, psicol\u00f3gicas, mentais ou sociais), apresentam temporariamente ou definitivamente, dificuldades na inser\u00e7\u00e3o \u00e0 participa\u00e7\u00e3o na vida social.<\/p>\n<p>Na APPD \u201cS\u00e3o Francisco de Assis\u201d, o Terapeuta Ocupacional atua atrav\u00e9s da preven\u00e7\u00e3o, habilita\u00e7\u00e3o ou da reabilita\u00e7\u00e3o da sa\u00fade. A reabilita\u00e7\u00e3o pode ser efetuada quando a pessoa j\u00e1 perdeu uma capacidade ou quando ela a executa de maneira pouco satisfat\u00f3ria. O Terapeuta prescreve adapta\u00e7\u00f5es necess\u00e1rias de acordo com a necessidade do paciente e o orienta quanto \u00e0 import\u00e2ncia da continuidade do tratamento em sua casa.<\/p>\n\t\t\t\t<\/div>\n\t\t\t<\/div><\/div>\t\t\t\t<\/div>\n\t\t\t\t<\/div>\n\t\t\t\t\t<\/div>\n\t\t<\/div>\n\t\t\t\t<div class=\"elementor-column elementor-col-50 elementor-inner-column elementor-element elementor-element-d556dd7\" data-id=\"d556dd7\" data-element_type=\"column\" data-e-type=\"column\">\n\t\t\t<div class=\"elementor-widget-wrap elementor-element-populated\">\n\t\t\t\t\t\t\t<\/div>\n\t\t<\/div>\n\t\t\t\t\t<\/div>\n\t\t<\/section>\n\t\t\t\t<section class=\"elementor-section elementor-inner-section elementor-element elementor-element-661c7cef elementor-section-boxed elementor-section-height-default elementor-section-height-default\" data-id=\"661c7cef\" data-element_type=\"section\" data-e-type=\"section\">\n\t\t\t\t\t\t<div class=\"elementor-container elementor-column-gap-default\">\n\t\t\t\t\t<div class=\"elementor-column elementor-col-50 elementor-inner-column elementor-element elementor-element-4eaaa9c8\" data-id=\"4eaaa9c8\" data-element_type=\"column\" data-e-type=\"column\">\n\t\t\t<div class=\"elementor-widget-wrap\">\n\t\t\t\t\t\t\t<\/div>\n\t\t<\/div>\n\t\t\t\t<div class=\"elementor-column elementor-col-50 elementor-inner-column elementor-element elementor-element-59889fdc\" data-id=\"59889fdc\" data-element_type=\"column\" data-e-type=\"column\">\n\t\t\t<div class=\"elementor-widget-wrap\">\n\t\t\t\t\t\t\t<\/div>\n\t\t<\/div>\n\t\t\t\t\t<\/div>\n\t\t<\/section>\n\t\t\t\t\t<\/div>\n\t\t<\/div>\n\t\t\t\t\t<\/div>\n\t\t<\/section>\n\t\t\t\t<section class=\"elementor-section elementor-top-section elementor-element elementor-element-6cd02239 elementor-section-full_width elementor-section-height-default elementor-section-height-default\" data-id=\"6cd02239\" data-element_type=\"section\" data-e-type=\"section\" data-settings=\"{&quot;background_background&quot;:&quot;classic&quot;}\">\n\t\t\t\t\t\t<div class=\"elementor-container elementor-column-gap-default\">\n\t\t\t\t\t<div class=\"elementor-column elementor-col-33 elementor-top-column elementor-element elementor-element-42a6c629\" data-id=\"42a6c629\" data-element_type=\"column\" data-e-type=\"column\">\n\t\t\t<div class=\"elementor-widget-wrap\">\n\t\t\t\t\t\t\t<\/div>\n\t\t<\/div>\n\t\t\t\t<div class=\"elementor-column elementor-col-33 elementor-top-column elementor-element elementor-element-6384a66c\" data-id=\"6384a66c\" data-element_type=\"column\" data-e-type=\"column\">\n\t\t\t<div class=\"elementor-widget-wrap elementor-element-populated\">\n\t\t\t\t\t\t<div class=\"elementor-element elementor-element-4a4f5bb4 elementor-widget elementor-widget-text-editor\" data-id=\"4a4f5bb4\" data-element_type=\"widget\" data-e-type=\"widget\" data-widget_type=\"text-editor.default\">\n\t\t\t\t<div class=\"elementor-widget-container\">\n\t\t\t\t\t\t\t\t\t<p>Rua Augusto Caetano, 275 \u2013 Jd. Nova S\u00e3o Jo\u00e3o &#8211; S\u00e3o Jo\u00e3o da Boa Vista-SP | CEP:13874-143<br>Telefones: (19) 3622-2899 | 3622-3818<br>E-mail: appdsfa@uol.com.br<\/p>\t\t\t\t\t\t\t\t<\/div>\n\t\t\t\t<\/div>\n\t\t\t\t<div class=\"elementor-element elementor-element-7a350656 elementor-widget elementor-widget-image\" data-id=\"7a350656\" data-element_type=\"widget\" data-e-type=\"widget\" data-widget_type=\"image.default\">\n\t\t\t\t<div class=\"elementor-widget-container\">\n\t\t\t\t\t\t\t\t\t\t\t\t\t\t\t\t<a href=\"https:\/\/elementskit.xpeedstudio.com\/\">\n\t\t\t\t\t\t\t<img decoding=\"async\" width=\"150\" height=\"150\" src=\"https:\/\/asaofranciscodeassis.org.br\/portal\/wp-content\/uploads\/2021\/04\/logoappd-150x150.jpeg\" class=\"attachment-thumbnail size-thumbnail wp-image-60\" alt=\"\" \/>\t\t\t\t\t\t\t\t<\/a>\n\t\t\t\t\t\t\t\t\t\t\t\t\t\t\t<\/div>\n\t\t\t\t<\/div>\n\t\t\t\t\t<\/div>\n\t\t<\/div>\n\t\t\t\t<div class=\"elementor-column elementor-col-33 elementor-top-column elementor-element elementor-element-1a6c13e1\" data-id=\"1a6c13e1\" data-element_type=\"column\" data-e-type=\"column\">\n\t\t\t<div class=\"elementor-widget-wrap\">\n\t\t\t\t\t\t\t<\/div>\n\t\t<\/div>\n\t\t\t\t\t<\/div>\n\t\t<\/section>\n\t\t\t\t<\/div>\n\t\t","protected":false},"excerpt":{"rendered":"<p>Home Quem Somos Equipe Transpar\u00eancia Fotos Doa\u00e7\u00e3o Contato X Equipe Assistente Social Silvana M. Gon\u00e7alves Pirolla \u00a0 A atua\u00e7\u00e3o do Assistente Social dentro da APPD \u2013 Associa\u00e7\u00e3o de Pessoas Portadoras de Defici\u00eancia \u201cS\u00e3o Francisco de Assis\u201d visa proporcionar atrav\u00e9s do conhecimento da realidade humana, as condi\u00e7\u00f5es b\u00e1sicas para o desenvolvimento s\u00f3cio-econ\u00f4mico e cultural das pessoas [&hellip;]<\/p>\n","protected":false},"author":1,"featured_media":0,"parent":0,"menu_order":0,"comment_status":"closed","ping_status":"closed","template":"elementor_canvas","meta":{"pagelayer_contact_templates":[],"_pagelayer_content":"","footnotes":""},"class_list":["post-321","page","type-page","status-publish","hentry"],"_links":{"self":[{"href":"https:\/\/asaofranciscodeassis.org.br\/portal\/wp-json\/wp\/v2\/pages\/321","targetHints":{"allow":["GET"]}}],"collection":[{"href":"https:\/\/asaofranciscodeassis.org.br\/portal\/wp-json\/wp\/v2\/pages"}],"about":[{"href":"https:\/\/asaofranciscodeassis.org.br\/portal\/wp-json\/wp\/v2\/types\/page"}],"author":[{"embeddable":true,"href":"https:\/\/asaofranciscodeassis.org.br\/portal\/wp-json\/wp\/v2\/users\/1"}],"replies":[{"embeddable":true,"href":"https:\/\/asaofranciscodeassis.org.br\/portal\/wp-json\/wp\/v2\/comments?post=321"}],"version-history":[{"count":34,"href":"https:\/\/asaofranciscodeassis.org.br\/portal\/wp-json\/wp\/v2\/pages\/321\/revisions"}],"predecessor-version":[{"id":660,"href":"https:\/\/asaofranciscodeassis.org.br\/portal\/wp-json\/wp\/v2\/pages\/321\/revisions\/660"}],"wp:attachment":[{"href":"https:\/\/asaofranciscodeassis.org.br\/portal\/wp-json\/wp\/v2\/media?parent=321"}],"curies":[{"name":"wp","href":"https:\/\/api.w.org\/{rel}","templated":true}]}}